{"id":138,"date":"2015-12-06T15:13:10","date_gmt":"2015-12-06T15:13:10","guid":{"rendered":"http:\/\/ekosspiritus.hr\/?page_id=138"},"modified":"2015-12-06T15:13:10","modified_gmt":"2015-12-06T15:13:10","slug":"prijasnji-pohodi","status":"publish","type":"page","link":"https:\/\/ekosspiritus.hr\/index.php\/hpd-sv-patrik\/lijepa-li-si\/prijasnji-pohodi\/","title":{"rendered":"Prija\u0161nji pohodi"},"content":{"rendered":"<div class=\"tx-blog tx-post-row tx-masonry\"><div class=\"tx-blog-item tx-post-col-2\"><div class=\"tx-border-box\"><div class=\"tx-blog-img\"><a href=\"https:\/\/ekosspiritus.hr\/wp-content\/uploads\/2018\/12\/IMG-20181213-WA0063.jpg\" class=\"tx-colorbox\"><img decoding=\"async\" src=\"https:\/\/ekosspiritus.hr\/wp-content\/uploads\/2018\/12\/IMG-20181213-WA0063-600x360.jpg\" alt=\"\" class=\"blog-image\" \/><\/a><span class=\"tx-post-comm\"><span>0<\/span><\/span><\/div><div class=\"tx-post-content\"><h3 class=\"tx-post-title\"><a href=\"https:\/\/ekosspiritus.hr\/index.php\/2018\/12\/27\/jaslice-u-izlozima-grada-samobora\/\">Jaslice u izlozima grada Samobora<\/a><\/h3><div style=\"height: 16px;\"><\/div><div class=\"tx-blog-content\">Poslu\u0161ajte vijest o djelovanju udruge Svetoga Izidora Seljaka u Samoboru! https:\/\/vijesti.rtl.hr\/video\/vijesti\/304493\/hrvatski-gradic-rekorder-po-broju-jaslica-gradili-ih-od-raznih-materijala-cak-i-od-tijesta\/?fbclid=IwAR35x8BID_K75fdzSJ8nJ45XOGlWp_XIym2YGnBwCAJfpsbOi93hEHDQvQ4 Sretan Bo\u017ei\u0107! &nbsp;<\/div><div class=\"tx-meta\"><span class=\"tx-author\">By : <a href=\"https:\/\/ekosspiritus.hr\/index.php\/author\/katarina\/\">Katarina Pucar<\/a><\/span><span class=\"tx-date\"> | Dec 27, 2018<\/span><\/div><\/div><\/div><\/div><div class=\"tx-blog-item tx-post-col-2\"><div class=\"tx-border-box\"><div class=\"tx-blog-img\"><a href=\"https:\/\/ekosspiritus.hr\/wp-content\/uploads\/2018\/10\/20181004_190515.jpg\" class=\"tx-colorbox\"><img decoding=\"async\" src=\"https:\/\/ekosspiritus.hr\/wp-content\/uploads\/2018\/10\/20181004_190515-600x360.jpg\" alt=\"\" class=\"blog-image\" \/><\/a><span class=\"tx-post-comm\"><span>0<\/span><\/span><\/div><div class=\"tx-post-content\"><h3 class=\"tx-post-title\"><a href=\"https:\/\/ekosspiritus.hr\/index.php\/2018\/10\/07\/dogodilo-se-izlozba-drustva-sv-izidora-seljaka-u-gradskoj-knjiznici-u-samoboru\/\">DOGODILO SE: Izlo\u017eba Dru\u0161tva sv. Izidora Seljaka u Gradskoj knji\u017enici u Samoboru<\/a><\/h3><div style=\"height: 16px;\"><\/div><div class=\"tx-blog-content\">Izlo\u017eba Dru\u0161tva sv. Izidora Seljaka u Gradskoj knji\u017enici u Samoboru Zaljubljenici u samoborsku ba\u0161tinuokupili su se u \u010detvrtak, 4. listopada,u Gradskoj knji\u017enici u Samoboru, kako bi razgledali izlo\u017ebu \u201e\u0160ibnate ko\u0161are\u201c koju je&lt;a class=&quot;moretag&quot; href=&quot;https:\/\/ekosspiritus.hr\/index.php\/2018\/10\/07\/dogodilo-se-izlozba-drustva-sv-izidora-seljaka-u-gradskoj-knjiznici-u-samoboru\/&quot;&gt;Read More...&lt;\/a&gt;<\/div><div class=\"tx-meta\"><span class=\"tx-author\">By : <a href=\"https:\/\/ekosspiritus.hr\/index.php\/author\/katarina\/\">Katarina Pucar<\/a><\/span><span class=\"tx-date\"> | Oct 7, 2018<\/span><\/div><\/div><\/div><\/div><div class=\"tx-blog-item tx-post-col-2\"><div class=\"tx-border-box\"><div class=\"tx-blog-img\"><a href=\"https:\/\/ekosspiritus.hr\/wp-content\/uploads\/2017\/07\/DSC_0215.jpg\" class=\"tx-colorbox\"><img decoding=\"async\" src=\"https:\/\/ekosspiritus.hr\/wp-content\/uploads\/2017\/07\/DSC_0215-600x360.jpg\" alt=\"\" class=\"blog-image\" \/><\/a><span class=\"tx-post-comm\"><span>0<\/span><\/span><\/div><div class=\"tx-post-content\"><h3 class=\"tx-post-title\"><a href=\"https:\/\/ekosspiritus.hr\/index.php\/2017\/07\/23\/predstavljena-knjiga-narodna-nosnja-zupe-samobor\/\">Predstavljena knjiga Narodna no\u0161nja \u017eupe Samobor<\/a><\/h3><div style=\"height: 16px;\"><\/div><div class=\"tx-blog-content\">Knjigu \u201eNarodna no\u0161nja \u017eupe Samobor\u201c predstavili su zajedno udruga Ekosspiritus i Dru\u0161tvo svetog Izidora Seljaka u subotu 15. srpnja u \u017eupnom dvori\u0161tvu \u017eupe svete Anastazije u Samoboru. Sve\u010danost promocije zapo\u010dela je svetom&lt;a class=&quot;moretag&quot; href=&quot;https:\/\/ekosspiritus.hr\/index.php\/2017\/07\/23\/predstavljena-knjiga-narodna-nosnja-zupe-samobor\/&quot;&gt;Read More...&lt;\/a&gt;<\/div><div class=\"tx-meta\"><span class=\"tx-author\">By : <a href=\"https:\/\/ekosspiritus.hr\/index.php\/author\/katarina\/\">Katarina Pucar<\/a><\/span><span class=\"tx-date\"> | Jul 23, 2017<\/span><\/div><\/div><\/div><\/div><div class=\"tx-blog-item tx-post-col-2\"><div class=\"tx-border-box\"><div class=\"tx-blog-img\"><a href=\"https:\/\/ekosspiritus.hr\/wp-content\/uploads\/2017\/06\/18922653_1319944671434680_8665230780248739392_o-Copy.jpg\" class=\"tx-colorbox\"><img decoding=\"async\" src=\"https:\/\/ekosspiritus.hr\/wp-content\/uploads\/2017\/06\/18922653_1319944671434680_8665230780248739392_o-Copy-600x360.jpg\" alt=\"\" class=\"blog-image\" \/><\/a><span class=\"tx-post-comm\"><span>0<\/span><\/span><\/div><div class=\"tx-post-content\"><h3 class=\"tx-post-title\"><a href=\"https:\/\/ekosspiritus.hr\/index.php\/2017\/06\/06\/dogodilo-se-lijepa-li-si-brac\/\">DOGODILO SE: Lijepa li si&#8230; Bra\u010d<\/a><\/h3><div style=\"height: 16px;\"><\/div><div class=\"tx-blog-content\">Tradicionalni izlet udruge Ekosspiritus Lijepa li si&#8230; ove godine je putovao na Bra\u010d. Otok koji smo posjetili ve\u0107 vi\u0161e puta i uvijek mu se rado vra\u0107amo. Svaki put na njemu prona\u0111emo neke&lt;a class=&quot;moretag&quot; href=&quot;https:\/\/ekosspiritus.hr\/index.php\/2017\/06\/06\/dogodilo-se-lijepa-li-si-brac\/&quot;&gt;Read More...&lt;\/a&gt;<\/div><div class=\"tx-meta\"><span class=\"tx-author\">By : <a href=\"https:\/\/ekosspiritus.hr\/index.php\/author\/katarina\/\">Katarina Pucar<\/a><\/span><span class=\"tx-date\"> | Jun 6, 2017<\/span><\/div><\/div><\/div><\/div><\/div><div class=\"nx-paging\"><div class=\"nx-paging-inner\"><span aria-current=\"page\" class=\"page-numbers current\">1<\/span>\n<a class=\"page-numbers\" href=\"https:\/\/ekosspiritus.hr\/index.php\/wp-json\/wp\/v2\/pages\/138\/page\/2\/\">2<\/a>\n<a class=\"page-numbers\" href=\"https:\/\/ekosspiritus.hr\/index.php\/wp-json\/wp\/v2\/pages\/138\/page\/3\/\">3<\/a>\n<span class=\"page-numbers dots\">&hellip;<\/span>\n<a class=\"page-numbers\" href=\"https:\/\/ekosspiritus.hr\/index.php\/wp-json\/wp\/v2\/pages\/138\/page\/7\/\">7<\/a>\n<a class=\"next page-numbers\" href=\"https:\/\/ekosspiritus.hr\/index.php\/wp-json\/wp\/v2\/pages\/138\/page\/2\/\">&raquo;<\/a><\/div><\/div>\n","protected":false},"excerpt":{"rendered":"","protected":false},"author":1,"featured_media":0,"parent":92,"menu_order":0,"comment_status":"closed","ping_status":"closed","template":"","meta":{"footnotes":""},"class_list":["post-138","page","type-page","status-publish","hentry"],"_links":{"self":[{"href":"https:\/\/ekosspiritus.hr\/index.php\/wp-json\/wp\/v2\/pages\/138","targetHints":{"allow":["GET"]}}],"collection":[{"href":"https:\/\/ekosspiritus.hr\/index.php\/wp-json\/wp\/v2\/pages"}],"about":[{"href":"https:\/\/ekosspiritus.hr\/index.php\/wp-json\/wp\/v2\/types\/page"}],"author":[{"embeddable":true,"href":"https:\/\/ekosspiritus.hr\/index.php\/wp-json\/wp\/v2\/users\/1"}],"replies":[{"embeddable":true,"href":"https:\/\/ekosspiritus.hr\/index.php\/wp-json\/wp\/v2\/comments?post=138"}],"version-history":[{"count":1,"href":"https:\/\/ekosspiritus.hr\/index.php\/wp-json\/wp\/v2\/pages\/138\/revisions"}],"predecessor-version":[{"id":139,"href":"https:\/\/ekosspiritus.hr\/index.php\/wp-json\/wp\/v2\/pages\/138\/revisions\/139"}],"up":[{"embeddable":true,"href":"https:\/\/ekosspiritus.hr\/index.php\/wp-json\/wp\/v2\/pages\/92"}],"wp:attachment":[{"href":"https:\/\/ekosspiritus.hr\/index.php\/wp-json\/wp\/v2\/media?parent=138"}],"curies":[{"name":"wp","href":"https:\/\/api.w.org\/{rel}","templated":true}]}}