{"id":151,"date":"2015-12-06T15:50:39","date_gmt":"2015-12-06T15:50:39","guid":{"rendered":"http:\/\/ekosspiritus.hr\/?page_id=151"},"modified":"2015-12-06T15:56:36","modified_gmt":"2015-12-06T15:56:36","slug":"151-2","status":"publish","type":"page","link":"https:\/\/ekosspiritus.hr\/index.php\/hpd-sv-patrik\/ljetni-kamp-na-velebitu\/151-2\/","title":{"rendered":"Prija\u0161nji pohodi"},"content":{"rendered":"<div class=\"tx-blog tx-post-row tx-masonry\"><div class=\"tx-blog-item tx-post-col-2\"><div class=\"tx-border-box\"><div class=\"tx-blog-img\"><a href=\"https:\/\/ekosspiritus.hr\/wp-content\/uploads\/2018\/08\/39234730_2299545690321944_7008827830351953920_n.jpg\" class=\"tx-colorbox\"><img decoding=\"async\" src=\"https:\/\/ekosspiritus.hr\/wp-content\/uploads\/2018\/08\/39234730_2299545690321944_7008827830351953920_n-600x360.jpg\" alt=\"\" class=\"blog-image\" \/><\/a><span class=\"tx-post-comm\"><span>0<\/span><\/span><\/div><div class=\"tx-post-content\"><h3 class=\"tx-post-title\"><a href=\"https:\/\/ekosspiritus.hr\/index.php\/2018\/08\/15\/dogodilo-se-kamp-na-sjevernom-velebitu\/\">DOGODILO SE: KAMP NA SJEVERNOM VELEBITU<\/a><\/h3><div style=\"height: 16px;\"><\/div><div class=\"tx-blog-content\">DOGODILO SE: KAMP NA SJEVERNOM VELEBITU Ljudi se mijenjaju, ali Velebit, misti\u010dna planina koju volimo, je uvijek tu za nas. Nakon dugih petnaest godina kampa pod \u0161atorima u Velikom Lomu promijenili smo&lt;a class=&quot;moretag&quot; href=&quot;https:\/\/ekosspiritus.hr\/index.php\/2018\/08\/15\/dogodilo-se-kamp-na-sjevernom-velebitu\/&quot;&gt;Read More...&lt;\/a&gt;<\/div><div class=\"tx-meta\"><span class=\"tx-author\">By : <a href=\"https:\/\/ekosspiritus.hr\/index.php\/author\/katarina\/\">Katarina Pucar<\/a><\/span><span class=\"tx-date\"> | Aug 15, 2018<\/span><\/div><\/div><\/div><\/div><div class=\"tx-blog-item tx-post-col-2\"><div class=\"tx-border-box\"><div class=\"tx-blog-img\"><a href=\"https:\/\/ekosspiritus.hr\/wp-content\/uploads\/2017\/07\/20273681_10213769528662025_1542729776_o.jpg\" class=\"tx-colorbox\"><img decoding=\"async\" src=\"https:\/\/ekosspiritus.hr\/wp-content\/uploads\/2017\/07\/20273681_10213769528662025_1542729776_o-600x360.jpg\" alt=\"\" class=\"blog-image\" \/><\/a><span class=\"tx-post-comm\"><span>0<\/span><\/span><\/div><div class=\"tx-post-content\"><h3 class=\"tx-post-title\"><a href=\"https:\/\/ekosspiritus.hr\/index.php\/2017\/07\/23\/dogodilo-se-ljetni-kamp-na-velebitu\/\">DOGODILO SE: Ljetni kamp na Velebitu<\/a><\/h3><div style=\"height: 16px;\"><\/div><div class=\"tx-blog-content\">Ve\u0107 vi\u0161e od deset godina pokraj lugarske ku\u0107ice na Velikom Lomu u Nacionalnom parku Sjeverni Velebit svoj ljetni kamp di\u017eu \u010dlanovi HPDa \u201eSv. Patrik\u201c. Ove godine petnaestak sudionika boravilo je u planini&lt;a class=&quot;moretag&quot; href=&quot;https:\/\/ekosspiritus.hr\/index.php\/2017\/07\/23\/dogodilo-se-ljetni-kamp-na-velebitu\/&quot;&gt;Read More...&lt;\/a&gt;<\/div><div class=\"tx-meta\"><span class=\"tx-author\">By : <a href=\"https:\/\/ekosspiritus.hr\/index.php\/author\/katarina\/\">Katarina Pucar<\/a><\/span><span class=\"tx-date\"> | Jul 23, 2017<\/span><\/div><\/div><\/div><\/div><div class=\"tx-blog-item tx-post-col-2\"><div class=\"tx-border-box\"><div class=\"tx-blog-imgpad\"><\/div><div class=\"tx-post-content\"><h3 class=\"tx-post-title\"><a href=\"https:\/\/ekosspiritus.hr\/index.php\/2013\/07\/15\/dogodilo-se-ljetni-kamp-na-velebitu-2013\/\">DOGODILO SE: Ljetni kamp na Velebitu 2013.<\/a><\/h3><div style=\"height: 16px;\"><\/div><div class=\"tx-blog-content\">Udolina Veliki Lom u najmla\u0111em hrvatskom nacionalnom parku Sjeverni Velebit neraskidivo je vezana s planinarskim dru\u0161tvom Sv. Patrika. Iako je zbog birokratskih zavrzlama i strogih dr\u017eavnih pravila dozvolu za kampiranje sve te\u017ee&lt;a class=&quot;moretag&quot; href=&quot;https:\/\/ekosspiritus.hr\/index.php\/2013\/07\/15\/dogodilo-se-ljetni-kamp-na-velebitu-2013\/&quot;&gt;Read More...&lt;\/a&gt;<\/div><div class=\"tx-meta\"><span class=\"tx-author\">By : <a href=\"https:\/\/ekosspiritus.hr\/index.php\/author\/admin\/\">admin<\/a><\/span><span class=\"tx-date\"> | Jul 15, 2013<\/span><\/div><\/div><\/div><\/div><div class=\"tx-blog-item tx-post-col-2\"><div class=\"tx-border-box\"><div class=\"tx-blog-imgpad\"><\/div><div class=\"tx-post-content\"><h3 class=\"tx-post-title\"><a href=\"https:\/\/ekosspiritus.hr\/index.php\/2012\/07\/16\/dogodilo-se-ljetni-kamp-na-velebitu-2012\/\">DOGODILO SE: Ljetni kamp na Velebitu 2012.<\/a><\/h3><div style=\"height: 16px;\"><\/div><div class=\"tx-blog-content\">Svake godine pa\u017eljivo i s nedoumicom biramo tjedan u kojem \u0107emo di\u0107i svoj tradicionalni kamp u Velikom Lomu, u Nacionalnom parku Sjeverni Velebit. Ove godine smo izabrali dobro. Od 16. \u2013 21.&lt;a class=&quot;moretag&quot; href=&quot;https:\/\/ekosspiritus.hr\/index.php\/2012\/07\/16\/dogodilo-se-ljetni-kamp-na-velebitu-2012\/&quot;&gt;Read More...&lt;\/a&gt;<\/div><div class=\"tx-meta\"><span class=\"tx-author\">By : <a href=\"https:\/\/ekosspiritus.hr\/index.php\/author\/admin\/\">admin<\/a><\/span><span class=\"tx-date\"> | Jul 16, 2012<\/span><\/div><\/div><\/div><\/div><\/div><div class=\"nx-paging\"><div class=\"nx-paging-inner\"><span aria-current=\"page\" class=\"page-numbers current\">1<\/span>\n<a class=\"page-numbers\" href=\"https:\/\/ekosspiritus.hr\/index.php\/wp-json\/wp\/v2\/pages\/151\/page\/2\/\">2<\/a>\n<a class=\"page-numbers\" href=\"https:\/\/ekosspiritus.hr\/index.php\/wp-json\/wp\/v2\/pages\/151\/page\/3\/\">3<\/a>\n<a class=\"page-numbers\" href=\"https:\/\/ekosspiritus.hr\/index.php\/wp-json\/wp\/v2\/pages\/151\/page\/4\/\">4<\/a>\n<a class=\"next page-numbers\" href=\"https:\/\/ekosspiritus.hr\/index.php\/wp-json\/wp\/v2\/pages\/151\/page\/2\/\">&raquo;<\/a><\/div><\/div>\n","protected":false},"excerpt":{"rendered":"","protected":false},"author":1,"featured_media":0,"parent":101,"menu_order":0,"comment_status":"closed","ping_status":"closed","template":"","meta":{"footnotes":""},"class_list":["post-151","page","type-page","status-publish","hentry"],"_links":{"self":[{"href":"https:\/\/ekosspiritus.hr\/index.php\/wp-json\/wp\/v2\/pages\/151","targetHints":{"allow":["GET"]}}],"collection":[{"href":"https:\/\/ekosspiritus.hr\/index.php\/wp-json\/wp\/v2\/pages"}],"about":[{"href":"https:\/\/ekosspiritus.hr\/index.php\/wp-json\/wp\/v2\/types\/page"}],"author":[{"embeddable":true,"href":"https:\/\/ekosspiritus.hr\/index.php\/wp-json\/wp\/v2\/users\/1"}],"replies":[{"embeddable":true,"href":"https:\/\/ekosspiritus.hr\/index.php\/wp-json\/wp\/v2\/comments?post=151"}],"version-history":[{"count":2,"href":"https:\/\/ekosspiritus.hr\/index.php\/wp-json\/wp\/v2\/pages\/151\/revisions"}],"predecessor-version":[{"id":153,"href":"https:\/\/ekosspiritus.hr\/index.php\/wp-json\/wp\/v2\/pages\/151\/revisions\/153"}],"up":[{"embeddable":true,"href":"https:\/\/ekosspiritus.hr\/index.php\/wp-json\/wp\/v2\/pages\/101"}],"wp:attachment":[{"href":"https:\/\/ekosspiritus.hr\/index.php\/wp-json\/wp\/v2\/media?parent=151"}],"curies":[{"name":"wp","href":"https:\/\/api.w.org\/{rel}","templated":true}]}}