{"id":321,"date":"2015-12-21T13:14:25","date_gmt":"2015-12-21T13:14:25","guid":{"rendered":"http:\/\/ekosspiritus.hr\/?page_id=321"},"modified":"2015-12-21T13:23:23","modified_gmt":"2015-12-21T13:23:23","slug":"sv-patrik","status":"publish","type":"page","link":"https:\/\/ekosspiritus.hr\/index.php\/sveci-zastitnici\/sv-patrik\/","title":{"rendered":"Sv. Patrik"},"content":{"rendered":"<p>Sveti Patrik<br \/>\nRo\u0111en je u 4. st. u \u0160kotskoj, koja je tada stajala pod rimskom vla\u0161\u0107u, od kr\u0161\u0107anskih roditelja.Kao mlad provodio je lagodan \u017eivot ne mare\u0107i ni za znanost ni za vjeru. Kada mu je bilo 16 godina, irski gusari, oteli su ga s tisu\u0107ama drugih ljudi i prodali ga kao roba u Irsku. Patrikov gospodar odredio ga je za pastira ovaca. Nalaze\u0107i se uz stada u divljini, ropstvo ga je pribli\u017eilo Bogu. Molio je i \u010dinio pokoru. Nakon \u0161est godina ropstva \u010duo je glas koji je obe\u0107ao da \u0107e uskoro biti oslobo\u0111en. Pobjegao je od svoga gospodara tako \u0161to je na\u0161ao \u010damac na to\u010dnom mjestu gdje je u viziji vidio i vratio se ku\u0107i. Studijem se po\u010deo spremati za sve\u0107eni\u0161tvo i brzo bio zare\u0111en za \u0111akona. Vratio se u Irsku kao misionar i ubrzo postao omiljen u narodu. U navije\u0161tanju Evan\u0111elja najprije se obra\u0107ao kraljevim odli\u010dnicima, a njihov prijelaz na kr\u0161\u0107anstvo slijedio je onda i priprosti puk. Osnovao je brojne biskupije po cijeloj zemlji i uveo mona\u0161tvo. Irski otok je jedna od rijetkih zemalja koja je prihvatila kr\u0161\u0107anstvo bez prolijevanja krvi.<\/p>\n<p>Patrik se proslavio kao \u010dudotvorac, a dokazao se i u proricanju budu\u0107ih doga\u0111aja. Prema predaji potjerao je sve zmije i ostale otrovne \u017eivotinje iz Irske. Danas u Irskoj gotovo da nema gu\u0161tera, zmija, gmazova,\u00a0\u010dak ni \u0161i\u0161mi\u0161a. Poku\u0161aji da se u Irskoj nastane te \u017eivotinje su vi\u0161e puta propali. Umro je 461. godine, kod irskog grada Downa. Dan sv. Patrika slavi se 17. o\u017eujka. Za\u0161titnik je Irske i protiv zmijskih ugriza, zbog \u010dega je logi\u010dno da ga \u0161tuju planinari \u2013 ljudi koji najvi\u0161e borave u prirodi. Uz to je dojmljiva njegova upornost, mudrost i hrabrost, te pronala\u017eenja mira i Boga na otvorenom, \u010demu upravo te\u017ee i \u010dlanovi dru\u0161tva.<\/p>\n","protected":false},"excerpt":{"rendered":"<p>Sveti Patrik Ro\u0111en je u 4. st. u \u0160kotskoj, koja je tada stajala pod rimskom vla\u0161\u0107u, od kr\u0161\u0107anskih roditelja.Kao mlad provodio je lagodan \u017eivot ne mare\u0107i ni za znanost ni za vjeru.<a class=\"moretag\" href=\"https:\/\/ekosspiritus.hr\/index.php\/sveci-zastitnici\/sv-patrik\/\">Read More&#8230;<\/a><\/p>\n","protected":false},"author":1,"featured_media":325,"parent":319,"menu_order":0,"comment_status":"closed","ping_status":"closed","template":"","meta":{"footnotes":""},"class_list":["post-321","page","type-page","status-publish","has-post-thumbnail","hentry"],"_links":{"self":[{"href":"https:\/\/ekosspiritus.hr\/index.php\/wp-json\/wp\/v2\/pages\/321","targetHints":{"allow":["GET"]}}],"collection":[{"href":"https:\/\/ekosspiritus.hr\/index.php\/wp-json\/wp\/v2\/pages"}],"about":[{"href":"https:\/\/ekosspiritus.hr\/index.php\/wp-json\/wp\/v2\/types\/page"}],"author":[{"embeddable":true,"href":"https:\/\/ekosspiritus.hr\/index.php\/wp-json\/wp\/v2\/users\/1"}],"replies":[{"embeddable":true,"href":"https:\/\/ekosspiritus.hr\/index.php\/wp-json\/wp\/v2\/comments?post=321"}],"version-history":[{"count":1,"href":"https:\/\/ekosspiritus.hr\/index.php\/wp-json\/wp\/v2\/pages\/321\/revisions"}],"predecessor-version":[{"id":322,"href":"https:\/\/ekosspiritus.hr\/index.php\/wp-json\/wp\/v2\/pages\/321\/revisions\/322"}],"up":[{"embeddable":true,"href":"https:\/\/ekosspiritus.hr\/index.php\/wp-json\/wp\/v2\/pages\/319"}],"wp:featuredmedia":[{"embeddable":true,"href":"https:\/\/ekosspiritus.hr\/index.php\/wp-json\/wp\/v2\/media\/325"}],"wp:attachment":[{"href":"https:\/\/ekosspiritus.hr\/index.php\/wp-json\/wp\/v2\/media?parent=321"}],"curies":[{"name":"wp","href":"https:\/\/api.w.org\/{rel}","templated":true}]}}